{"id":4746,"date":"2020-08-31T16:56:41","date_gmt":"2020-08-31T16:56:41","guid":{"rendered":"https:\/\/altmaesports.org\/noticies\/"},"modified":"2025-03-20T11:38:31","modified_gmt":"2025-03-20T11:38:31","slug":"noticies","status":"publish","type":"page","link":"https:\/\/altmaesports.org\/ca\/noticies\/","title":{"rendered":"Noticies"},"content":{"rendered":"<p><div class=\"fusion-fullwidth fullwidth-box fusion-builder-row-1 fusion-flex-container has-pattern-background has-mask-background nonhundred-percent-fullwidth non-hundred-percent-height-scrolling\" style=\"--awb-border-radius-top-left:0px;--awb-border-radius-top-right:0px;--awb-border-radius-bottom-right:0px;--awb-border-radius-bottom-left:0px;--awb-padding-right:210px;--awb-padding-left:182px;--awb-padding-right-medium:26px;--awb-padding-left-medium:26px;--awb-padding-right-small:20px;--awb-padding-left-small:20px;--awb-flex-wrap:wrap;\" ><div class=\"fusion-builder-row fusion-row fusion-flex-align-items-flex-start fusion-flex-content-wrap\" style=\"max-width:104%;margin-left: calc(-4% \/ 2 );margin-right: calc(-4% \/ 2 );\"><div class=\"fusion-layout-column fusion_builder_column fusion-builder-column-0 fusion_builder_column_3_5 3_5 fusion-flex-column\" style=\"--awb-bg-size:cover;--awb-width-large:60%;--awb-margin-top-large:0px;--awb-spacing-right-large:3.2%;--awb-margin-bottom-large:20px;--awb-spacing-left-large:9.28%;--awb-width-medium:60%;--awb-order-medium:0;--awb-spacing-right-medium:3.2%;--awb-spacing-left-medium:3.36%;--awb-width-small:100%;--awb-order-small:0;--awb-spacing-right-small:1.92%;--awb-spacing-left-small:1.92%;\"><div class=\"fusion-column-wrapper fusion-column-has-shadow fusion-flex-justify-content-flex-start fusion-content-layout-column\"><div class=\"fusion-recent-posts fusion-recent-posts-1 avada-container layout-default layout-columns-1\"><section class=\"fusion-columns columns fusion-columns-1 columns-1\"><article class=\"post fusion-column column col col-lg-12 col-md-12 col-sm-12\"><div class=\"fusion-flexslider fusion-flexslider-loading flexslider flexslider-hover-type-none\"><ul class=\"slides\"><li><a href=\"https:\/\/altmaesports.org\/ca\/altmaesports-leader-impulsa-el-desenvolupament-rural-a-els-ports-i-lalt-maestrat-amb-76-projectes-tramitats-en-2025\/\" aria-label=\"Altmaesports Leader impulsa el desenvolupament rural a Els Ports i l\u2019Alt Maestrat amb 76 projectes tramitats en 2025\" class=\"hover-type-none\"><img decoding=\"async\" width=\"700\" height=\"441\" src=\"https:\/\/altmaesports.org\/wp-content\/uploads\/2026\/04\/Foto-amb-alcaldes-700x441.jpeg\" class=\"attachment-recent-posts size-recent-posts lazyload\" alt=\"\" srcset=\"data:image\/svg+xml,%3Csvg%20xmlns%3D%27http%3A%2F%2Fwww.w3.org%2F2000%2Fsvg%27%20width%3D%27800%27%20height%3D%27600%27%20viewBox%3D%270%200%20800%20600%27%3E%3Crect%20width%3D%27800%27%20height%3D%27600%27%20fill-opacity%3D%220%22%2F%3E%3C%2Fsvg%3E\" data-orig-src=\"https:\/\/altmaesports.org\/wp-content\/uploads\/2026\/04\/Foto-amb-alcaldes-700x441.jpeg\" data-srcset=\"https:\/\/altmaesports.org\/wp-content\/uploads\/2026\/04\/Foto-amb-alcaldes-320x202.jpeg 320w, https:\/\/altmaesports.org\/wp-content\/uploads\/2026\/04\/Foto-amb-alcaldes-700x441.jpeg 700w\" data-sizes=\"auto\" \/><\/a><\/li><\/ul><\/div><div class=\"recent-posts-content\"><span class=\"vcard\" style=\"display: none;\"><span class=\"fn\"><a href=\"https:\/\/altmaesports.org\/ca\/author\/miraelpardalet\/\" title=\"Entrades de Miraelpardalet\" rel=\"author\">Miraelpardalet<\/a><\/span><\/span><span class=\"updated\" style=\"display:none;\">2026-04-28T14:51:22+00:00<\/span><h4 class=\"entry-title\"><a href=\"https:\/\/altmaesports.org\/ca\/altmaesports-leader-impulsa-el-desenvolupament-rural-a-els-ports-i-lalt-maestrat-amb-76-projectes-tramitats-en-2025\/\">Altmaesports Leader impulsa el desenvolupament rural a Els Ports i l\u2019Alt Maestrat amb 76 projectes tramitats en 2025<\/a><\/h4><p class=\"meta\"><span class=\"vcard\" style=\"display: none;\"><span class=\"fn\"><a href=\"https:\/\/altmaesports.org\/ca\/author\/miraelpardalet\/\" title=\"Entrades de Miraelpardalet\" rel=\"author\">Miraelpardalet<\/a><\/span><\/span><span class=\"updated\" style=\"display:none;\">2026-04-28T14:51:22+00:00<\/span><span>abril 28, 2026<\/span><span class=\"fusion-inline-sep\">|<\/span><\/p><p>- El Grup d\u2019Acci\u00f3 Local consolida el seu paper com a agent clau contra la despoblaci\u00f3 amb noves ajudes, projectes de cooperaci\u00f3 i accions de dinamitzaci\u00f3 territorial El Grup d\u2019Acci\u00f3 Local Altmaesports Leader ha tancat [...]<\/p><\/div><\/article><article class=\"post fusion-column column col col-lg-12 col-md-12 col-sm-12\"><div class=\"fusion-flexslider fusion-flexslider-loading flexslider flexslider-hover-type-none\"><ul class=\"slides\"><li><a href=\"https:\/\/altmaesports.org\/ca\/nuevo-proyecto-de-cooperacion-entre-los-grupos-de-accion-local-de-teruel-tarragona-y-castellon\/\" aria-label=\"Nou projecte de cooperaci\u00f3 entre els Grups d&#8217;Acci\u00f3 Local de Terol, Tarragona i Castell\u00f3\" class=\"hover-type-none\"><img decoding=\"async\" width=\"700\" height=\"441\" src=\"https:\/\/altmaesports.org\/wp-content\/uploads\/2025\/09\/IMG-20250922-WA0051-700x441.jpg\" class=\"attachment-recent-posts size-recent-posts lazyload\" alt=\"\" srcset=\"data:image\/svg+xml,%3Csvg%20xmlns%3D%27http%3A%2F%2Fwww.w3.org%2F2000%2Fsvg%27%20width%3D%271536%27%20height%3D%272048%27%20viewBox%3D%270%200%201536%202048%27%3E%3Crect%20width%3D%271536%27%20height%3D%272048%27%20fill-opacity%3D%220%22%2F%3E%3C%2Fsvg%3E\" data-orig-src=\"https:\/\/altmaesports.org\/wp-content\/uploads\/2025\/09\/IMG-20250922-WA0051-700x441.jpg\" data-srcset=\"https:\/\/altmaesports.org\/wp-content\/uploads\/2025\/09\/IMG-20250922-WA0051-320x202.jpg 320w, https:\/\/altmaesports.org\/wp-content\/uploads\/2025\/09\/IMG-20250922-WA0051-700x441.jpg 700w\" data-sizes=\"auto\" \/><\/a><\/li><\/ul><\/div><div class=\"recent-posts-content\"><span class=\"vcard\" style=\"display: none;\"><span class=\"fn\"><a href=\"https:\/\/altmaesports.org\/ca\/author\/miraelpardalet\/\" title=\"Entrades de Miraelpardalet\" rel=\"author\">Miraelpardalet<\/a><\/span><\/span><span class=\"updated\" style=\"display:none;\">2025-09-24T06:43:02+00:00<\/span><h4 class=\"entry-title\"><a href=\"https:\/\/altmaesports.org\/ca\/nuevo-proyecto-de-cooperacion-entre-los-grupos-de-accion-local-de-teruel-tarragona-y-castellon\/\">Nou projecte de cooperaci\u00f3 entre els Grups d&#8217;Acci\u00f3 Local de Terol, Tarragona i Castell\u00f3<\/a><\/h4><p class=\"meta\"><span class=\"vcard\" style=\"display: none;\"><span class=\"fn\"><a href=\"https:\/\/altmaesports.org\/ca\/author\/miraelpardalet\/\" title=\"Entrades de Miraelpardalet\" rel=\"author\">Miraelpardalet<\/a><\/span><\/span><span class=\"updated\" style=\"display:none;\">2025-09-24T06:43:02+00:00<\/span><span>setembre 24, 2025<\/span><span class=\"fusion-inline-sep\">|<\/span><\/p><p>Dilluns 22 es van reunir en la seu d'Omezyma els representants dels Grups d'Acci\u00f3 Local de Terol, Tarragona i Castell\u00f3, en el marc del nou projecte de cooperaci\u00f3 en el qual estan treballant: \u2022 CODEBEM, [...]<\/p><\/div><\/article><\/section><\/div><\/div><\/div><div class=\"fusion-layout-column fusion_builder_column fusion-builder-column-1 fusion_builder_column_1_3 1_3 fusion-flex-column\" style=\"--awb-bg-size:cover;--awb-width-large:33.333333333333%;--awb-margin-top-large:0px;--awb-spacing-right-large:5.76%;--awb-margin-bottom-large:20px;--awb-spacing-left-large:5.76%;--awb-width-medium:33.333333333333%;--awb-order-medium:0;--awb-spacing-right-medium:0%;--awb-spacing-left-medium:5.76%;--awb-width-small:100%;--awb-order-small:0;--awb-spacing-right-small:1.92%;--awb-spacing-left-small:1.92%;\"><div class=\"fusion-column-wrapper fusion-column-has-shadow fusion-flex-justify-content-flex-start fusion-content-layout-column\"><div class=\"fusion-recent-posts fusion-recent-posts-2 avada-container layout-default layout-columns-1\"><section class=\"fusion-columns columns fusion-columns-1 columns-1\"><article class=\"post fusion-column column col col-lg-12 col-md-12 col-sm-12\"><div class=\"fusion-flexslider fusion-flexslider-loading flexslider flexslider-hover-type-none\"><ul class=\"slides\"><li><a href=\"https:\/\/altmaesports.org\/ca\/altmaesports-i-els-gal-valencians-afermen-amb-la-generalitat-la-nova-convocatoria-dajudes-leader\/\" aria-label=\"Altmaesports i els GAL valencians afermen amb la Generalitat la nova convocat\u00f2ria d&#8217;ajudes LEADER\" class=\"hover-type-none\"><img decoding=\"async\" width=\"700\" height=\"441\" src=\"https:\/\/altmaesports.org\/wp-content\/uploads\/2025\/05\/Altmaesports-i-els-GAL-valencians-afermen-amb-la-Generalitat-la-nova-convocatoria-dajudes-LEADER-700x441.jpeg\" class=\"attachment-recent-posts size-recent-posts lazyload\" alt=\"Altmaesports i els GAL valencians afermen amb la Generalitat la nova convocat\u00f2ria d&#039;ajudes LEADER\" srcset=\"data:image\/svg+xml,%3Csvg%20xmlns%3D%27http%3A%2F%2Fwww.w3.org%2F2000%2Fsvg%27%20width%3D%272000%27%20height%3D%271500%27%20viewBox%3D%270%200%202000%201500%27%3E%3Crect%20width%3D%272000%27%20height%3D%271500%27%20fill-opacity%3D%220%22%2F%3E%3C%2Fsvg%3E\" data-orig-src=\"https:\/\/altmaesports.org\/wp-content\/uploads\/2025\/05\/Altmaesports-i-els-GAL-valencians-afermen-amb-la-Generalitat-la-nova-convocatoria-dajudes-LEADER-700x441.jpeg\" data-srcset=\"https:\/\/altmaesports.org\/wp-content\/uploads\/2025\/05\/Altmaesports-i-els-GAL-valencians-afermen-amb-la-Generalitat-la-nova-convocatoria-dajudes-LEADER-320x202.jpeg 320w, https:\/\/altmaesports.org\/wp-content\/uploads\/2025\/05\/Altmaesports-i-els-GAL-valencians-afermen-amb-la-Generalitat-la-nova-convocatoria-dajudes-LEADER-700x441.jpeg 700w\" data-sizes=\"auto\" \/><\/a><\/li><\/ul><\/div><div class=\"recent-posts-content\"><span class=\"vcard\" style=\"display: none;\"><span class=\"fn\"><a href=\"https:\/\/altmaesports.org\/ca\/author\/miraelpardalet\/\" title=\"Entrades de Miraelpardalet\" rel=\"author\">Miraelpardalet<\/a><\/span><\/span><span class=\"updated\" style=\"display:none;\">2025-05-20T11:14:45+00:00<\/span><h4 class=\"entry-title\"><a href=\"https:\/\/altmaesports.org\/ca\/altmaesports-i-els-gal-valencians-afermen-amb-la-generalitat-la-nova-convocatoria-dajudes-leader\/\">Altmaesports i els GAL valencians afermen amb la Generalitat la nova convocat\u00f2ria d&#8217;ajudes LEADER<\/a><\/h4><p class=\"meta\"><span class=\"vcard\" style=\"display: none;\"><span class=\"fn\"><a href=\"https:\/\/altmaesports.org\/ca\/author\/miraelpardalet\/\" title=\"Entrades de Miraelpardalet\" rel=\"author\">Miraelpardalet<\/a><\/span><\/span><span class=\"updated\" style=\"display:none;\">2025-05-20T11:14:45+00:00<\/span><span>maig 20, 2025<\/span><span class=\"fusion-inline-sep\">|<\/span><\/p><\/div><\/article><article class=\"post fusion-column column col col-lg-12 col-md-12 col-sm-12\"><div class=\"fusion-flexslider fusion-flexslider-loading flexslider flexslider-hover-type-none\"><ul class=\"slides\"><li><a href=\"https:\/\/altmaesports.org\/ca\/altmaesports-anima-a-los-emprendedores-de-els-ports-y-el-maestrat-a-presentar-proyectos-a-las-nuevas-ayudas-leader-con-el-aval-de-haber-repartido-45-millones-de-euros\/\" aria-label=\"Altmaesports anima als emprenedors dels Ports i el Maestrat a presentar projectes a les noves ajudes Leader, amb l&#8217;aval d&#8217;haver repartit 4,5 milions d&#8217;euros\" class=\"hover-type-none\"><img decoding=\"async\" width=\"700\" height=\"441\" src=\"https:\/\/altmaesports.org\/wp-content\/uploads\/2025\/03\/Altmaesports-anima-als-emprenedors-dels-Ports-i-el-Maestrat-a-presentar-projectes-a-les-noves-ajudes-Leader-amb-laval-dhaver-repartit-45-milions-deuros-2-700x441.jpeg\" class=\"attachment-recent-posts size-recent-posts lazyload\" alt=\"\" srcset=\"data:image\/svg+xml,%3Csvg%20xmlns%3D%27http%3A%2F%2Fwww.w3.org%2F2000%2Fsvg%27%20width%3D%272048%27%20height%3D%272048%27%20viewBox%3D%270%200%202048%202048%27%3E%3Crect%20width%3D%272048%27%20height%3D%272048%27%20fill-opacity%3D%220%22%2F%3E%3C%2Fsvg%3E\" data-orig-src=\"https:\/\/altmaesports.org\/wp-content\/uploads\/2025\/03\/Altmaesports-anima-als-emprenedors-dels-Ports-i-el-Maestrat-a-presentar-projectes-a-les-noves-ajudes-Leader-amb-laval-dhaver-repartit-45-milions-deuros-2-700x441.jpeg\" data-srcset=\"https:\/\/altmaesports.org\/wp-content\/uploads\/2025\/03\/Altmaesports-anima-als-emprenedors-dels-Ports-i-el-Maestrat-a-presentar-projectes-a-les-noves-ajudes-Leader-amb-laval-dhaver-repartit-45-milions-deuros-2-320x202.jpeg 320w, https:\/\/altmaesports.org\/wp-content\/uploads\/2025\/03\/Altmaesports-anima-als-emprenedors-dels-Ports-i-el-Maestrat-a-presentar-projectes-a-les-noves-ajudes-Leader-amb-laval-dhaver-repartit-45-milions-deuros-2-700x441.jpeg 700w\" data-sizes=\"auto\" \/><\/a><\/li><li><a href=\"https:\/\/altmaesports.org\/ca\/altmaesports-anima-a-los-emprendedores-de-els-ports-y-el-maestrat-a-presentar-proyectos-a-las-nuevas-ayudas-leader-con-el-aval-de-haber-repartido-45-millones-de-euros\/\" aria-label=\"Altmaesports anima als emprenedors dels Ports i el Maestrat a presentar projectes a les noves ajudes Leader, amb l&#8217;aval d&#8217;haver repartit 4,5 milions d&#8217;euros\" class=\"hover-type-none\"><img decoding=\"async\" width=\"700\" height=\"441\" src=\"https:\/\/altmaesports.org\/wp-content\/uploads\/2025\/03\/Altmaesports-anima-als-emprenedors-dels-Ports-i-el-Maestrat-a-presentar-projectes-a-les-noves-ajudes-Leader-amb-laval-dhaver-repartit-45-milions-deuros-1-1-700x441.jpeg\" class=\"attachment-recent-posts size-recent-posts lazyload\" alt=\"\" srcset=\"data:image\/svg+xml,%3Csvg%20xmlns%3D%27http%3A%2F%2Fwww.w3.org%2F2000%2Fsvg%27%20width%3D%272048%27%20height%3D%272048%27%20viewBox%3D%270%200%202048%202048%27%3E%3Crect%20width%3D%272048%27%20height%3D%272048%27%20fill-opacity%3D%220%22%2F%3E%3C%2Fsvg%3E\" data-orig-src=\"https:\/\/altmaesports.org\/wp-content\/uploads\/2025\/03\/Altmaesports-anima-als-emprenedors-dels-Ports-i-el-Maestrat-a-presentar-projectes-a-les-noves-ajudes-Leader-amb-laval-dhaver-repartit-45-milions-deuros-1-1-700x441.jpeg\" data-srcset=\"https:\/\/altmaesports.org\/wp-content\/uploads\/2025\/03\/Altmaesports-anima-als-emprenedors-dels-Ports-i-el-Maestrat-a-presentar-projectes-a-les-noves-ajudes-Leader-amb-laval-dhaver-repartit-45-milions-deuros-1-1-320x202.jpeg 320w, https:\/\/altmaesports.org\/wp-content\/uploads\/2025\/03\/Altmaesports-anima-als-emprenedors-dels-Ports-i-el-Maestrat-a-presentar-projectes-a-les-noves-ajudes-Leader-amb-laval-dhaver-repartit-45-milions-deuros-1-1-700x441.jpeg 700w\" data-sizes=\"auto\" \/><\/a><\/li><\/ul><\/div><div class=\"recent-posts-content\"><span class=\"vcard\" style=\"display: none;\"><span class=\"fn\"><a href=\"https:\/\/altmaesports.org\/ca\/author\/root_u2n3k13x\/\" title=\"Entrades de admin\" rel=\"author\">admin<\/a><\/span><\/span><span class=\"updated\" style=\"display:none;\">2025-03-18T11:28:06+00:00<\/span><h4 class=\"entry-title\"><a href=\"https:\/\/altmaesports.org\/ca\/altmaesports-anima-a-los-emprendedores-de-els-ports-y-el-maestrat-a-presentar-proyectos-a-las-nuevas-ayudas-leader-con-el-aval-de-haber-repartido-45-millones-de-euros\/\">Altmaesports anima als emprenedors dels Ports i el Maestrat a presentar projectes a les noves ajudes Leader, amb l&#8217;aval d&#8217;haver repartit 4,5 milions d&#8217;euros<\/a><\/h4><p class=\"meta\"><span class=\"vcard\" style=\"display: none;\"><span class=\"fn\"><a href=\"https:\/\/altmaesports.org\/ca\/author\/root_u2n3k13x\/\" title=\"Entrades de admin\" rel=\"author\">admin<\/a><\/span><\/span><span class=\"updated\" style=\"display:none;\">2025-03-18T11:28:06+00:00<\/span><span>mar\u00e7 18, 2025<\/span><span class=\"fusion-inline-sep\">|<\/span><\/p><\/div><\/article><article class=\"post fusion-column column col col-lg-12 col-md-12 col-sm-12\"><div class=\"fusion-flexslider fusion-flexslider-loading flexslider flexslider-hover-type-none\"><ul class=\"slides\"><li><a href=\"https:\/\/altmaesports.org\/ca\/altmaesports-tanca-amb-exit-les-jornades-de-participacio-ciutadana-per-a-crear-lestrategia-de-desenvolupament-local\/\" aria-label=\"Altmaesports tanca amb \u00e8xit les jornades de participaci\u00f3 ciutadana per a crear l&#8217;estrat\u00e8gia de desenvolupament local\" class=\"hover-type-none\"><img decoding=\"async\" width=\"700\" height=\"441\" src=\"https:\/\/altmaesports.org\/wp-content\/uploads\/2024\/12\/la-torre-altmaesports-700x441.jpg\" class=\"attachment-recent-posts size-recent-posts lazyload\" alt=\"\" srcset=\"data:image\/svg+xml,%3Csvg%20xmlns%3D%27http%3A%2F%2Fwww.w3.org%2F2000%2Fsvg%27%20width%3D%272048%27%20height%3D%271152%27%20viewBox%3D%270%200%202048%201152%27%3E%3Crect%20width%3D%272048%27%20height%3D%271152%27%20fill-opacity%3D%220%22%2F%3E%3C%2Fsvg%3E\" data-orig-src=\"https:\/\/altmaesports.org\/wp-content\/uploads\/2024\/12\/la-torre-altmaesports-700x441.jpg\" data-srcset=\"https:\/\/altmaesports.org\/wp-content\/uploads\/2024\/12\/la-torre-altmaesports-320x202.jpg 320w, https:\/\/altmaesports.org\/wp-content\/uploads\/2024\/12\/la-torre-altmaesports-700x441.jpg 700w\" data-sizes=\"auto\" \/><\/a><\/li><\/ul><\/div><div class=\"recent-posts-content\"><span class=\"vcard\" style=\"display: none;\"><span class=\"fn\"><a href=\"https:\/\/altmaesports.org\/ca\/author\/root_u2n3k13x\/\" title=\"Entrades de admin\" rel=\"author\">admin<\/a><\/span><\/span><span class=\"updated\" style=\"display:none;\">2024-12-16T14:26:24+00:00<\/span><h4 class=\"entry-title\"><a href=\"https:\/\/altmaesports.org\/ca\/altmaesports-tanca-amb-exit-les-jornades-de-participacio-ciutadana-per-a-crear-lestrategia-de-desenvolupament-local\/\">Altmaesports tanca amb \u00e8xit les jornades de participaci\u00f3 ciutadana per a crear l&#8217;estrat\u00e8gia de desenvolupament local<\/a><\/h4><p class=\"meta\"><span class=\"vcard\" style=\"display: none;\"><span class=\"fn\"><a href=\"https:\/\/altmaesports.org\/ca\/author\/root_u2n3k13x\/\" title=\"Entrades de admin\" rel=\"author\">admin<\/a><\/span><\/span><span class=\"updated\" style=\"display:none;\">2024-12-16T14:26:24+00:00<\/span><span>desembre 16, 2024<\/span><span class=\"fusion-inline-sep\">|<\/span><\/p><\/div><\/article><\/section><\/div><\/div><\/div><\/div><\/div><div class=\"fusion-fullwidth fullwidth-box fusion-builder-row-2 fusion-flex-container has-pattern-background has-mask-background nonhundred-percent-fullwidth non-hundred-percent-height-scrolling\" style=\"--awb-border-radius-top-left:0px;--awb-border-radius-top-right:0px;--awb-border-radius-bottom-right:0px;--awb-border-radius-bottom-left:0px;--awb-padding-right:191px;--awb-padding-left:178px;--awb-padding-right-medium:31px;--awb-padding-left-medium:29px;--awb-padding-right-small:17px;--awb-padding-left-small:17px;--awb-flex-wrap:wrap;\" ><div class=\"fusion-builder-row fusion-row fusion-flex-align-items-flex-start fusion-flex-content-wrap\" style=\"max-width:104%;margin-left: calc(-4% \/ 2 );margin-right: calc(-4% \/ 2 );\"><div class=\"fusion-layout-column fusion_builder_column fusion-builder-column-2 fusion_builder_column_1_1 1_1 fusion-flex-column\" style=\"--awb-bg-size:cover;--awb-width-large:100%;--awb-margin-top-large:0px;--awb-spacing-right-large:8.352%;--awb-margin-bottom-large:20px;--awb-spacing-left-large:5.664%;--awb-width-medium:100%;--awb-order-medium:0;--awb-spacing-right-medium:8.352%;--awb-spacing-left-medium:5.664%;--awb-width-small:100%;--awb-order-small:0;--awb-spacing-right-small:1.92%;--awb-spacing-left-small:1.92%;\"><div class=\"fusion-column-wrapper fusion-column-has-shadow fusion-flex-justify-content-flex-start fusion-content-layout-column\"><div class=\"fusion-post-cards fusion-post-cards-1 fusion-grid-archive fusion-grid-columns-4\" style=\"--awb-dots-align:center;--awb-active-filter-border-size:3px;--awb-filters-height:36px;\"><ul class=\"fusion-grid fusion-grid-4 fusion-flex-align-items-flex-start fusion-grid-posts-cards fusion-grid-container-infinite\" data-pages=\"15\"><li class=\"fusion-layout-column fusion_builder_column fusion-builder-column-3 fusion-flex-column post-card fusion-grid-column fusion-post-cards-grid-column\" style=\"--awb-bg-size:cover;\"><div class=\"fusion-column-wrapper fusion-flex-justify-content-flex-start fusion-content-layout-column\"><div class=\"fusion-image-element \" style=\"--awb-margin-bottom:10px;--awb-caption-title-font-family:var(--h2_typography-font-family);--awb-caption-title-font-weight:var(--h2_typography-font-weight);--awb-caption-title-font-style:var(--h2_typography-font-style);--awb-caption-title-size:var(--h2_typography-font-size);--awb-caption-title-transform:var(--h2_typography-text-transform);--awb-caption-title-line-height:var(--h2_typography-line-height);--awb-caption-title-letter-spacing:var(--h2_typography-letter-spacing);\"><span class=\" fusion-imageframe imageframe-none imageframe-1 hover-type-none\"><a class=\"fusion-no-lightbox\" href=\"https:\/\/altmaesports.org\/ca\/altmaesports-impulsa-lestrategia-de-desenvolupament-local-amb-dos-jornades-de-participacio-ciutadana\/\" target=\"_self\" aria-label=\"Reunion-de-Altmaesports-en-Morella-1\"><img decoding=\"async\" width=\"1600\" height=\"1067\" src=\"https:\/\/altmaesports.org\/wp-content\/uploads\/2024\/12\/Reunion-de-Altmaesports-en-Morella-1.jpg\" data-orig-src=\"https:\/\/altmaesports.org\/wp-content\/uploads\/2024\/12\/Reunion-de-Altmaesports-en-Morella-1.jpg\" alt class=\"lazyload img-responsive wp-image-3916\" srcset=\"data:image\/svg+xml,%3Csvg%20xmlns%3D%27http%3A%2F%2Fwww.w3.org%2F2000%2Fsvg%27%20width%3D%271600%27%20height%3D%271067%27%20viewBox%3D%270%200%201600%201067%27%3E%3Crect%20width%3D%271600%27%20height%3D%271067%27%20fill-opacity%3D%220%22%2F%3E%3C%2Fsvg%3E\" data-srcset=\"https:\/\/altmaesports.org\/wp-content\/uploads\/2024\/12\/Reunion-de-Altmaesports-en-Morella-1-200x133.jpg 200w, https:\/\/altmaesports.org\/wp-content\/uploads\/2024\/12\/Reunion-de-Altmaesports-en-Morella-1-400x267.jpg 400w, https:\/\/altmaesports.org\/wp-content\/uploads\/2024\/12\/Reunion-de-Altmaesports-en-Morella-1-600x400.jpg 600w, https:\/\/altmaesports.org\/wp-content\/uploads\/2024\/12\/Reunion-de-Altmaesports-en-Morella-1-800x534.jpg 800w, https:\/\/altmaesports.org\/wp-content\/uploads\/2024\/12\/Reunion-de-Altmaesports-en-Morella-1-1200x800.jpg 1200w, https:\/\/altmaesports.org\/wp-content\/uploads\/2024\/12\/Reunion-de-Altmaesports-en-Morella-1.jpg 1600w\" data-sizes=\"auto\" data-orig-sizes=\"(max-width: 740px) 100vw, 1600px\" \/><\/a><\/span><\/div><div class=\"fusion-title title fusion-title-1 fusion-sep-none fusion-title-text fusion-title-size-four\" style=\"--awb-text-color:var(--awb-color8);--awb-margin-top:25px;--awb-margin-right:0px;--awb-margin-bottom:5px;--awb-margin-left:0px;--awb-margin-top-small:16px;--awb-margin-right-small:0px;--awb-margin-left-small:0px;--awb-link-color:var(--awb-color8);\"><h4 class=\"fusion-title-heading title-heading-left fusion-responsive-typography-calculated\" style=\"margin:0;--fontSize:28;--minFontSize:28;line-height:var(--awb-typography1-line-height);\"><a href=\"https:\/\/altmaesports.org\/ca\/altmaesports-impulsa-lestrategia-de-desenvolupament-local-amb-dos-jornades-de-participacio-ciutadana\/\" class=\"awb-custom-text-color awb-custom-text-hover-color\" target=\"_self\">Altmaesports impulsa l&#8217;estrat\u00e8gia de desenvolupament local amb dos jornades de participaci\u00f3 ciutadana<\/a><\/h4><\/div><\/div><\/li>\n<li class=\"fusion-layout-column fusion_builder_column fusion-builder-column-4 fusion-flex-column post-card fusion-grid-column fusion-post-cards-grid-column\" style=\"--awb-bg-size:cover;\"><div class=\"fusion-column-wrapper fusion-flex-justify-content-flex-start fusion-content-layout-column\"><div class=\"fusion-image-element \" style=\"--awb-margin-bottom:10px;--awb-caption-title-font-family:var(--h2_typography-font-family);--awb-caption-title-font-weight:var(--h2_typography-font-weight);--awb-caption-title-font-style:var(--h2_typography-font-style);--awb-caption-title-size:var(--h2_typography-font-size);--awb-caption-title-transform:var(--h2_typography-text-transform);--awb-caption-title-line-height:var(--h2_typography-line-height);--awb-caption-title-letter-spacing:var(--h2_typography-letter-spacing);\"><span class=\" fusion-imageframe imageframe-none imageframe-2 hover-type-none\"><a class=\"fusion-no-lightbox\" href=\"https:\/\/altmaesports.org\/ca\/altmaesports-posa-en-marxa-lestrategia-de-desenvolupament-participatiu-per-al-periode-2023-2027\/\" target=\"_self\" aria-label=\"Jornada-a-Morella\"><img decoding=\"async\" width=\"1600\" height=\"1600\" src=\"https:\/\/altmaesports.org\/wp-content\/uploads\/2024\/12\/Jornada-a-Morella.jpg\" data-orig-src=\"https:\/\/altmaesports.org\/wp-content\/uploads\/2024\/12\/Jornada-a-Morella.jpg\" alt class=\"lazyload img-responsive wp-image-3911\" srcset=\"data:image\/svg+xml,%3Csvg%20xmlns%3D%27http%3A%2F%2Fwww.w3.org%2F2000%2Fsvg%27%20width%3D%271600%27%20height%3D%271600%27%20viewBox%3D%270%200%201600%201600%27%3E%3Crect%20width%3D%271600%27%20height%3D%271600%27%20fill-opacity%3D%220%22%2F%3E%3C%2Fsvg%3E\" data-srcset=\"https:\/\/altmaesports.org\/wp-content\/uploads\/2024\/12\/Jornada-a-Morella-200x200.jpg 200w, https:\/\/altmaesports.org\/wp-content\/uploads\/2024\/12\/Jornada-a-Morella-400x400.jpg 400w, https:\/\/altmaesports.org\/wp-content\/uploads\/2024\/12\/Jornada-a-Morella-600x600.jpg 600w, https:\/\/altmaesports.org\/wp-content\/uploads\/2024\/12\/Jornada-a-Morella-800x800.jpg 800w, https:\/\/altmaesports.org\/wp-content\/uploads\/2024\/12\/Jornada-a-Morella-1200x1200.jpg 1200w, https:\/\/altmaesports.org\/wp-content\/uploads\/2024\/12\/Jornada-a-Morella.jpg 1600w\" data-sizes=\"auto\" data-orig-sizes=\"(max-width: 740px) 100vw, 1600px\" \/><\/a><\/span><\/div><div class=\"fusion-title title fusion-title-2 fusion-sep-none fusion-title-text fusion-title-size-four\" style=\"--awb-text-color:var(--awb-color8);--awb-margin-top:25px;--awb-margin-right:0px;--awb-margin-bottom:5px;--awb-margin-left:0px;--awb-margin-top-small:16px;--awb-margin-right-small:0px;--awb-margin-left-small:0px;--awb-link-color:var(--awb-color8);\"><h4 class=\"fusion-title-heading title-heading-left fusion-responsive-typography-calculated\" style=\"margin:0;--fontSize:28;--minFontSize:28;line-height:var(--awb-typography1-line-height);\"><a href=\"https:\/\/altmaesports.org\/ca\/altmaesports-posa-en-marxa-lestrategia-de-desenvolupament-participatiu-per-al-periode-2023-2027\/\" class=\"awb-custom-text-color awb-custom-text-hover-color\" target=\"_self\"><strong>Altmaesports posa en marxa l&#8217;Estrat\u00e8gia de Desenvolupament Participatiu per al per\u00edode 2023-2027<\/strong><\/a><\/h4><\/div><\/div><\/li>\n<li class=\"fusion-layout-column fusion_builder_column fusion-builder-column-5 fusion-flex-column post-card fusion-grid-column fusion-post-cards-grid-column\" style=\"--awb-bg-size:cover;\"><div class=\"fusion-column-wrapper fusion-flex-justify-content-flex-start fusion-content-layout-column\"><div class=\"fusion-title title fusion-title-3 fusion-sep-none fusion-title-text fusion-title-size-four\" style=\"--awb-text-color:var(--awb-color8);--awb-margin-top:25px;--awb-margin-right:0px;--awb-margin-bottom:5px;--awb-margin-left:0px;--awb-margin-top-small:16px;--awb-margin-right-small:0px;--awb-margin-left-small:0px;--awb-link-color:var(--awb-color8);\"><h4 class=\"fusion-title-heading title-heading-left fusion-responsive-typography-calculated\" style=\"margin:0;--fontSize:28;--minFontSize:28;line-height:var(--awb-typography1-line-height);\"><a href=\"https:\/\/altmaesports.org\/ca\/la-junta-directiva-daltmaesports-aprova-17-projectes-leader\/\" class=\"awb-custom-text-color awb-custom-text-hover-color\" target=\"_self\"><strong>La Junta Directiva d&#8217;Altmaesports aprova 17 projectes LEADER<\/strong><\/a><\/h4><\/div><\/div><\/li>\n<li class=\"fusion-layout-column fusion_builder_column fusion-builder-column-6 fusion-flex-column post-card fusion-grid-column fusion-post-cards-grid-column\" style=\"--awb-bg-size:cover;\"><div class=\"fusion-column-wrapper fusion-flex-justify-content-flex-start fusion-content-layout-column\"><div class=\"fusion-image-element \" style=\"--awb-margin-bottom:10px;--awb-caption-title-font-family:var(--h2_typography-font-family);--awb-caption-title-font-weight:var(--h2_typography-font-weight);--awb-caption-title-font-style:var(--h2_typography-font-style);--awb-caption-title-size:var(--h2_typography-font-size);--awb-caption-title-transform:var(--h2_typography-text-transform);--awb-caption-title-line-height:var(--h2_typography-line-height);--awb-caption-title-letter-spacing:var(--h2_typography-letter-spacing);\"><span class=\" fusion-imageframe imageframe-none imageframe-4 hover-type-none\"><a class=\"fusion-no-lightbox\" href=\"https:\/\/altmaesports.org\/ca\/la-junta-directiva-daltmaesports-aprova-el-pagament-de-211-000-euros-per-a-projectes\/\" target=\"_self\" aria-label=\"DSC05546-1\"><img decoding=\"async\" width=\"2500\" height=\"1667\" src=\"https:\/\/altmaesports.org\/wp-content\/uploads\/2024\/12\/DSC05546-1.jpg\" data-orig-src=\"https:\/\/altmaesports.org\/wp-content\/uploads\/2024\/12\/DSC05546-1.jpg\" alt class=\"lazyload img-responsive wp-image-3372\" srcset=\"data:image\/svg+xml,%3Csvg%20xmlns%3D%27http%3A%2F%2Fwww.w3.org%2F2000%2Fsvg%27%20width%3D%272500%27%20height%3D%271667%27%20viewBox%3D%270%200%202500%201667%27%3E%3Crect%20width%3D%272500%27%20height%3D%271667%27%20fill-opacity%3D%220%22%2F%3E%3C%2Fsvg%3E\" data-srcset=\"https:\/\/altmaesports.org\/wp-content\/uploads\/2024\/12\/DSC05546-1-200x133.jpg 200w, https:\/\/altmaesports.org\/wp-content\/uploads\/2024\/12\/DSC05546-1-400x267.jpg 400w, https:\/\/altmaesports.org\/wp-content\/uploads\/2024\/12\/DSC05546-1-600x400.jpg 600w, https:\/\/altmaesports.org\/wp-content\/uploads\/2024\/12\/DSC05546-1-800x533.jpg 800w, https:\/\/altmaesports.org\/wp-content\/uploads\/2024\/12\/DSC05546-1-1200x800.jpg 1200w, https:\/\/altmaesports.org\/wp-content\/uploads\/2024\/12\/DSC05546-1.jpg 2500w\" data-sizes=\"auto\" data-orig-sizes=\"(max-width: 740px) 100vw, 2500px\" \/><\/a><\/span><\/div><div class=\"fusion-title title fusion-title-4 fusion-sep-none fusion-title-text fusion-title-size-four\" style=\"--awb-text-color:var(--awb-color8);--awb-margin-top:25px;--awb-margin-right:0px;--awb-margin-bottom:5px;--awb-margin-left:0px;--awb-margin-top-small:16px;--awb-margin-right-small:0px;--awb-margin-left-small:0px;--awb-link-color:var(--awb-color8);\"><h4 class=\"fusion-title-heading title-heading-left fusion-responsive-typography-calculated\" style=\"margin:0;--fontSize:28;--minFontSize:28;line-height:var(--awb-typography1-line-height);\"><a href=\"https:\/\/altmaesports.org\/ca\/la-junta-directiva-daltmaesports-aprova-el-pagament-de-211-000-euros-per-a-projectes\/\" class=\"awb-custom-text-color awb-custom-text-hover-color\" target=\"_self\">La Junta Directiva d&#8217;Altmaesports aprova el pagament de 211.000 euros per a projectes<\/a><\/h4><\/div><\/div><\/li>\n<li class=\"fusion-layout-column fusion_builder_column fusion-builder-column-7 fusion-flex-column post-card fusion-grid-column fusion-post-cards-grid-column\" style=\"--awb-bg-size:cover;\"><div class=\"fusion-column-wrapper fusion-flex-justify-content-flex-start fusion-content-layout-column\"><div class=\"fusion-image-element \" style=\"--awb-margin-bottom:10px;--awb-caption-title-font-family:var(--h2_typography-font-family);--awb-caption-title-font-weight:var(--h2_typography-font-weight);--awb-caption-title-font-style:var(--h2_typography-font-style);--awb-caption-title-size:var(--h2_typography-font-size);--awb-caption-title-transform:var(--h2_typography-text-transform);--awb-caption-title-line-height:var(--h2_typography-line-height);--awb-caption-title-letter-spacing:var(--h2_typography-letter-spacing);\"><span class=\" fusion-imageframe imageframe-none imageframe-5 hover-type-none\"><a class=\"fusion-no-lightbox\" href=\"https:\/\/altmaesports.org\/ca\/altmaesports-leader-reuneix-la-seua-junta-directiva-el-dilluns-dia-10\/\" target=\"_self\" aria-label=\"DSC05546-1\"><img decoding=\"async\" width=\"2500\" height=\"1667\" src=\"https:\/\/altmaesports.org\/wp-content\/uploads\/2024\/12\/DSC05546-1.jpg\" data-orig-src=\"https:\/\/altmaesports.org\/wp-content\/uploads\/2024\/12\/DSC05546-1.jpg\" alt class=\"lazyload img-responsive wp-image-3372\" srcset=\"data:image\/svg+xml,%3Csvg%20xmlns%3D%27http%3A%2F%2Fwww.w3.org%2F2000%2Fsvg%27%20width%3D%272500%27%20height%3D%271667%27%20viewBox%3D%270%200%202500%201667%27%3E%3Crect%20width%3D%272500%27%20height%3D%271667%27%20fill-opacity%3D%220%22%2F%3E%3C%2Fsvg%3E\" data-srcset=\"https:\/\/altmaesports.org\/wp-content\/uploads\/2024\/12\/DSC05546-1-200x133.jpg 200w, https:\/\/altmaesports.org\/wp-content\/uploads\/2024\/12\/DSC05546-1-400x267.jpg 400w, https:\/\/altmaesports.org\/wp-content\/uploads\/2024\/12\/DSC05546-1-600x400.jpg 600w, https:\/\/altmaesports.org\/wp-content\/uploads\/2024\/12\/DSC05546-1-800x533.jpg 800w, https:\/\/altmaesports.org\/wp-content\/uploads\/2024\/12\/DSC05546-1-1200x800.jpg 1200w, https:\/\/altmaesports.org\/wp-content\/uploads\/2024\/12\/DSC05546-1.jpg 2500w\" data-sizes=\"auto\" data-orig-sizes=\"(max-width: 740px) 100vw, 2500px\" \/><\/a><\/span><\/div><div class=\"fusion-title title fusion-title-5 fusion-sep-none fusion-title-text fusion-title-size-four\" style=\"--awb-text-color:var(--awb-color8);--awb-margin-top:25px;--awb-margin-right:0px;--awb-margin-bottom:5px;--awb-margin-left:0px;--awb-margin-top-small:16px;--awb-margin-right-small:0px;--awb-margin-left-small:0px;--awb-link-color:var(--awb-color8);\"><h4 class=\"fusion-title-heading title-heading-left fusion-responsive-typography-calculated\" style=\"margin:0;--fontSize:28;--minFontSize:28;line-height:var(--awb-typography1-line-height);\"><a href=\"https:\/\/altmaesports.org\/ca\/altmaesports-leader-reuneix-la-seua-junta-directiva-el-dilluns-dia-10\/\" class=\"awb-custom-text-color awb-custom-text-hover-color\" target=\"_self\">Altmaesports Leader reuneix la seua junta directiva el dilluns dia 10<\/a><\/h4><\/div><\/div><\/li>\n<li class=\"fusion-layout-column fusion_builder_column fusion-builder-column-8 fusion-flex-column post-card fusion-grid-column fusion-post-cards-grid-column\" style=\"--awb-bg-size:cover;\"><div class=\"fusion-column-wrapper fusion-flex-justify-content-flex-start fusion-content-layout-column\"><div class=\"fusion-image-element \" style=\"--awb-margin-bottom:10px;--awb-caption-title-font-family:var(--h2_typography-font-family);--awb-caption-title-font-weight:var(--h2_typography-font-weight);--awb-caption-title-font-style:var(--h2_typography-font-style);--awb-caption-title-size:var(--h2_typography-font-size);--awb-caption-title-transform:var(--h2_typography-text-transform);--awb-caption-title-line-height:var(--h2_typography-line-height);--awb-caption-title-letter-spacing:var(--h2_typography-letter-spacing);\"><span class=\" fusion-imageframe imageframe-none imageframe-6 hover-type-none\"><a class=\"fusion-no-lightbox\" href=\"https:\/\/altmaesports.org\/ca\/resposta-massiva-de-les-empreses-dels-ports-i-el-maestrat-a-les-ajudes-leader\/\" target=\"_self\" aria-label=\"DSC05546-1\"><img decoding=\"async\" width=\"2500\" height=\"1667\" src=\"https:\/\/altmaesports.org\/wp-content\/uploads\/2024\/12\/DSC05546-1.jpg\" data-orig-src=\"https:\/\/altmaesports.org\/wp-content\/uploads\/2024\/12\/DSC05546-1.jpg\" alt class=\"lazyload img-responsive wp-image-3372\" srcset=\"data:image\/svg+xml,%3Csvg%20xmlns%3D%27http%3A%2F%2Fwww.w3.org%2F2000%2Fsvg%27%20width%3D%272500%27%20height%3D%271667%27%20viewBox%3D%270%200%202500%201667%27%3E%3Crect%20width%3D%272500%27%20height%3D%271667%27%20fill-opacity%3D%220%22%2F%3E%3C%2Fsvg%3E\" data-srcset=\"https:\/\/altmaesports.org\/wp-content\/uploads\/2024\/12\/DSC05546-1-200x133.jpg 200w, https:\/\/altmaesports.org\/wp-content\/uploads\/2024\/12\/DSC05546-1-400x267.jpg 400w, https:\/\/altmaesports.org\/wp-content\/uploads\/2024\/12\/DSC05546-1-600x400.jpg 600w, https:\/\/altmaesports.org\/wp-content\/uploads\/2024\/12\/DSC05546-1-800x533.jpg 800w, https:\/\/altmaesports.org\/wp-content\/uploads\/2024\/12\/DSC05546-1-1200x800.jpg 1200w, https:\/\/altmaesports.org\/wp-content\/uploads\/2024\/12\/DSC05546-1.jpg 2500w\" data-sizes=\"auto\" data-orig-sizes=\"(max-width: 740px) 100vw, 2500px\" \/><\/a><\/span><\/div><div class=\"fusion-title title fusion-title-6 fusion-sep-none fusion-title-text fusion-title-size-four\" style=\"--awb-text-color:var(--awb-color8);--awb-margin-top:25px;--awb-margin-right:0px;--awb-margin-bottom:5px;--awb-margin-left:0px;--awb-margin-top-small:16px;--awb-margin-right-small:0px;--awb-margin-left-small:0px;--awb-link-color:var(--awb-color8);\"><h4 class=\"fusion-title-heading title-heading-left fusion-responsive-typography-calculated\" style=\"margin:0;--fontSize:28;--minFontSize:28;line-height:var(--awb-typography1-line-height);\"><a href=\"https:\/\/altmaesports.org\/ca\/resposta-massiva-de-les-empreses-dels-ports-i-el-maestrat-a-les-ajudes-leader\/\" class=\"awb-custom-text-color awb-custom-text-hover-color\" target=\"_self\">Resposta massiva de les empreses dels Ports i el Maestrat a les ajudes Leader<\/a><\/h4><\/div><\/div><\/li>\n<li class=\"fusion-layout-column fusion_builder_column fusion-builder-column-9 fusion-flex-column post-card fusion-grid-column fusion-post-cards-grid-column\" style=\"--awb-bg-size:cover;\"><div class=\"fusion-column-wrapper fusion-flex-justify-content-flex-start fusion-content-layout-column\"><div class=\"fusion-image-element \" style=\"--awb-margin-bottom:10px;--awb-caption-title-font-family:var(--h2_typography-font-family);--awb-caption-title-font-weight:var(--h2_typography-font-weight);--awb-caption-title-font-style:var(--h2_typography-font-style);--awb-caption-title-size:var(--h2_typography-font-size);--awb-caption-title-transform:var(--h2_typography-text-transform);--awb-caption-title-line-height:var(--h2_typography-line-height);--awb-caption-title-letter-spacing:var(--h2_typography-letter-spacing);\"><span class=\" fusion-imageframe imageframe-none imageframe-7 hover-type-none\"><a class=\"fusion-no-lightbox\" href=\"https:\/\/altmaesports.org\/ca\/4-de-setembre-ultim-dia-per-presentar-ajudes-leader\/\" target=\"_self\" aria-label=\"DSC05546-1\"><img decoding=\"async\" width=\"2500\" height=\"1667\" src=\"https:\/\/altmaesports.org\/wp-content\/uploads\/2024\/12\/DSC05546-1.jpg\" data-orig-src=\"https:\/\/altmaesports.org\/wp-content\/uploads\/2024\/12\/DSC05546-1.jpg\" alt class=\"lazyload img-responsive wp-image-3372\" srcset=\"data:image\/svg+xml,%3Csvg%20xmlns%3D%27http%3A%2F%2Fwww.w3.org%2F2000%2Fsvg%27%20width%3D%272500%27%20height%3D%271667%27%20viewBox%3D%270%200%202500%201667%27%3E%3Crect%20width%3D%272500%27%20height%3D%271667%27%20fill-opacity%3D%220%22%2F%3E%3C%2Fsvg%3E\" data-srcset=\"https:\/\/altmaesports.org\/wp-content\/uploads\/2024\/12\/DSC05546-1-200x133.jpg 200w, https:\/\/altmaesports.org\/wp-content\/uploads\/2024\/12\/DSC05546-1-400x267.jpg 400w, https:\/\/altmaesports.org\/wp-content\/uploads\/2024\/12\/DSC05546-1-600x400.jpg 600w, https:\/\/altmaesports.org\/wp-content\/uploads\/2024\/12\/DSC05546-1-800x533.jpg 800w, https:\/\/altmaesports.org\/wp-content\/uploads\/2024\/12\/DSC05546-1-1200x800.jpg 1200w, https:\/\/altmaesports.org\/wp-content\/uploads\/2024\/12\/DSC05546-1.jpg 2500w\" data-sizes=\"auto\" data-orig-sizes=\"(max-width: 740px) 100vw, 2500px\" \/><\/a><\/span><\/div><div class=\"fusion-title title fusion-title-7 fusion-sep-none fusion-title-text fusion-title-size-four\" style=\"--awb-text-color:var(--awb-color8);--awb-margin-top:25px;--awb-margin-right:0px;--awb-margin-bottom:5px;--awb-margin-left:0px;--awb-margin-top-small:16px;--awb-margin-right-small:0px;--awb-margin-left-small:0px;--awb-link-color:var(--awb-color8);\"><h4 class=\"fusion-title-heading title-heading-left fusion-responsive-typography-calculated\" style=\"margin:0;--fontSize:28;--minFontSize:28;line-height:var(--awb-typography1-line-height);\"><a href=\"https:\/\/altmaesports.org\/ca\/4-de-setembre-ultim-dia-per-presentar-ajudes-leader\/\" class=\"awb-custom-text-color awb-custom-text-hover-color\" target=\"_self\">4 de setembre, \u00faltim dia per presentar ajudes Leader<\/a><\/h4><\/div><\/div><\/li>\n<li class=\"fusion-layout-column fusion_builder_column fusion-builder-column-10 fusion-flex-column post-card fusion-grid-column fusion-post-cards-grid-column\" style=\"--awb-bg-size:cover;\"><div class=\"fusion-column-wrapper fusion-flex-justify-content-flex-start fusion-content-layout-column\"><div class=\"fusion-image-element \" style=\"--awb-margin-bottom:10px;--awb-caption-title-font-family:var(--h2_typography-font-family);--awb-caption-title-font-weight:var(--h2_typography-font-weight);--awb-caption-title-font-style:var(--h2_typography-font-style);--awb-caption-title-size:var(--h2_typography-font-size);--awb-caption-title-transform:var(--h2_typography-text-transform);--awb-caption-title-line-height:var(--h2_typography-line-height);--awb-caption-title-letter-spacing:var(--h2_typography-letter-spacing);\"><span class=\" fusion-imageframe imageframe-none imageframe-8 hover-type-none\"><a class=\"fusion-no-lightbox\" href=\"https:\/\/altmaesports.org\/ca\/sessio-formativa-sobre-ajudes-leader-a-albocasser\/\" target=\"_self\" aria-label=\"albocasser-sessio\"><img decoding=\"async\" width=\"1600\" height=\"1200\" src=\"https:\/\/altmaesports.org\/wp-content\/uploads\/2024\/12\/albocasser-sessio.jpeg\" data-orig-src=\"https:\/\/altmaesports.org\/wp-content\/uploads\/2024\/12\/albocasser-sessio.jpeg\" alt class=\"lazyload img-responsive wp-image-3668\" srcset=\"data:image\/svg+xml,%3Csvg%20xmlns%3D%27http%3A%2F%2Fwww.w3.org%2F2000%2Fsvg%27%20width%3D%271600%27%20height%3D%271200%27%20viewBox%3D%270%200%201600%201200%27%3E%3Crect%20width%3D%271600%27%20height%3D%271200%27%20fill-opacity%3D%220%22%2F%3E%3C%2Fsvg%3E\" data-srcset=\"https:\/\/altmaesports.org\/wp-content\/uploads\/2024\/12\/albocasser-sessio-200x150.jpeg 200w, https:\/\/altmaesports.org\/wp-content\/uploads\/2024\/12\/albocasser-sessio-400x300.jpeg 400w, https:\/\/altmaesports.org\/wp-content\/uploads\/2024\/12\/albocasser-sessio-600x450.jpeg 600w, https:\/\/altmaesports.org\/wp-content\/uploads\/2024\/12\/albocasser-sessio-800x600.jpeg 800w, https:\/\/altmaesports.org\/wp-content\/uploads\/2024\/12\/albocasser-sessio-1200x900.jpeg 1200w, https:\/\/altmaesports.org\/wp-content\/uploads\/2024\/12\/albocasser-sessio.jpeg 1600w\" data-sizes=\"auto\" data-orig-sizes=\"(max-width: 740px) 100vw, 1600px\" \/><\/a><\/span><\/div><div class=\"fusion-title title fusion-title-8 fusion-sep-none fusion-title-text fusion-title-size-four\" style=\"--awb-text-color:var(--awb-color8);--awb-margin-top:25px;--awb-margin-right:0px;--awb-margin-bottom:5px;--awb-margin-left:0px;--awb-margin-top-small:16px;--awb-margin-right-small:0px;--awb-margin-left-small:0px;--awb-link-color:var(--awb-color8);\"><h4 class=\"fusion-title-heading title-heading-left fusion-responsive-typography-calculated\" style=\"margin:0;--fontSize:28;--minFontSize:28;line-height:var(--awb-typography1-line-height);\"><a href=\"https:\/\/altmaesports.org\/ca\/sessio-formativa-sobre-ajudes-leader-a-albocasser\/\" class=\"awb-custom-text-color awb-custom-text-hover-color\" target=\"_self\">Sessi\u00f3 formativa sobre ajudes Leader a Alboc\u00e0sser<\/a><\/h4><\/div><\/div><\/li>\n<\/ul><div class=\"fusion-infinite-scroll-trigger\"><\/div><div class=\"pagination infinite-scroll clearfix\" style=\"display:none;\"><span class=\"current\">1<\/span><a href=\"https:\/\/altmaesports.org\/ca\/wp-json\/wp\/v2\/pages\/4746\/page\/2\/\" class=\"inactive\">2<\/a><a class=\"pagination-next\" rel=\"next\" href=\"https:\/\/altmaesports.org\/ca\/wp-json\/wp\/v2\/pages\/4746\/page\/2\/\"><span class=\"page-text\">Next<\/span><span class=\"page-next\"><\/span><\/a><\/div><div class=\"fusion-clearfix\"><\/div><\/div><\/div><\/div><\/div><\/div><\/p>\n","protected":false},"excerpt":{"rendered":"","protected":false},"author":1,"featured_media":0,"parent":0,"menu_order":0,"comment_status":"closed","ping_status":"closed","template":"","meta":{"footnotes":""},"class_list":["post-4746","page","type-page","status-publish","hentry"],"_links":{"self":[{"href":"https:\/\/altmaesports.org\/ca\/wp-json\/wp\/v2\/pages\/4746","targetHints":{"allow":["GET"]}}],"collection":[{"href":"https:\/\/altmaesports.org\/ca\/wp-json\/wp\/v2\/pages"}],"about":[{"href":"https:\/\/altmaesports.org\/ca\/wp-json\/wp\/v2\/types\/page"}],"author":[{"embeddable":true,"href":"https:\/\/altmaesports.org\/ca\/wp-json\/wp\/v2\/users\/1"}],"replies":[{"embeddable":true,"href":"https:\/\/altmaesports.org\/ca\/wp-json\/wp\/v2\/comments?post=4746"}],"version-history":[{"count":1,"href":"https:\/\/altmaesports.org\/ca\/wp-json\/wp\/v2\/pages\/4746\/revisions"}],"predecessor-version":[{"id":4747,"href":"https:\/\/altmaesports.org\/ca\/wp-json\/wp\/v2\/pages\/4746\/revisions\/4747"}],"wp:attachment":[{"href":"https:\/\/altmaesports.org\/ca\/wp-json\/wp\/v2\/media?parent=4746"}],"curies":[{"name":"wp","href":"https:\/\/api.w.org\/{rel}","templated":true}]}}